{"id":70,"date":"2026-01-03T10:15:49","date_gmt":"2026-01-03T10:15:49","guid":{"rendered":"https:\/\/association-eveil-conscience.org\/EC\/?post_type=event_listing&#038;p=70"},"modified":"2026-09-01T09:15:46","modified_gmt":"2026-09-01T09:15:46","slug":"philippe-eknath","status":"publish","type":"event_listing","link":"https:\/\/association-eveil-conscience.org\/EC\/\u00e9v\u00e8nement\/philippe-eknath\/","title":{"rendered":"Philippe Eknath: L&rsquo;\u00e9vidence se r\u00e9v\u00e8le dans la simplicit\u00e9"},"content":{"rendered":"\n<p>Depuis son enfance, la V\u00e9rit\u00e9 a toujours \u00e9t\u00e9 sa passion.<\/p>\n\n\n\n<p>Apr\u00e8s 25 ans pass\u00e9s aupr\u00e8s de ma\u00eetres indiens et occidentaux, et l&rsquo;organisation pendant 15 ans de leur venue \u00e0 Paris dans le cadre de l&rsquo;association Etre Pr\u00e9sence, ces enseignants l&rsquo;ont invit\u00e9 \u00e0 partager \u00e0 son tour. Depuis 2015, des Satsangs sont r\u00e9guli\u00e8rement organis\u00e9s avec Philippe.<\/p>\n\n\n\n<p><\/p>\n\n\n\n<p>Son discours dans la simplicit\u00e9, entre Absolu et relatif, personnel et impersonnel apporte profondeur et ouverture\u2026 et permet une int\u00e9gration concr\u00e8te dans la vie quotidienne.<\/p>\n\n\n\n<p>Dans la lign\u00e9e de Ramana Marshi, PoonjaJi et Ganga Mira, il est \u00e9galement proche de Nisargadatta Maharaj ainsi que d&rsquo;Eric Baret.<br><br>De 19h \u00e0 20h, un temps de silence ou de m\u00e9ditation guid\u00e9e, puis \u00e9changes Questions\/R\u00e9ponses<br>Retard accept\u00e9<br><br><strong>Pour s&rsquo;inscrire \u00e0 ce Satsang : <\/strong><br><a href=\"https:\/\/www.helloasso.com\/associations\/eveil-conscience\/evenements\/donation-meditation-guidee-questions-reponses\" title=\"\">Cliquez ICI<\/a><\/p>\n\n\n\n<p><br><strong>Pour contacter Philippe personnellement, et pour des sessions priv\u00e9es :<\/strong><br><a href=\"https:\/\/association-eveil-conscience.org\/EC\/seances-individuelles\/\" target=\"_blank\" rel=\"noopener\" title=\"\">Cliquez ICI<\/a><\/p>\n\n\n\n<p><\/p>\n\n\n\n<p><strong>Aucun tabou, tout sujet peut-\u00eatre abord\u00e9s, tels que  : <\/strong><br>M\u00e9ditation, \u00e9veil, r\u00e9alisation de soi, connaissance de soi, transformation int\u00e9rieure, paix int\u00e9rieure, introspection, non-dualit\u00e9, authenticit\u00e9, amour inconditionnel, l\u00e2cher-prise, silence int\u00e9rieur, transcendance, lib\u00e9ration, pr\u00e9sence, non-attachement, d\u00e9tachement, impermanence, reconna\u00eetre sa vraie nature, \u00e0 l&rsquo;\u00e9coute de ce qui Est, d\u00e9sidentification, repousser les conditionnements, observation, illumination, gratitude profonde, lien avec le divin, paradoxe de l&rsquo;existence, \u00e9veil spirituel collectif, moments d&rsquo;\u00e9ternit\u00e9, \u00e9coute intuitive, unit\u00e9, acceptation, cheminement spirituel, confiance en l&rsquo;existence, \u00e9tat naturel, essence divine, bascule, exp\u00e9riences, joie sans objet, renoncement, sagesse universelle, \u00e9veil collectif, connexion \u00e0 l&rsquo;univers, pleine conscience, \u00e9nergie spirituelle, alignement int\u00e9rieur, pl\u00e9nitude, retour \u00e0 l&rsquo;essentiel, simplicit\u00e9 d&rsquo;\u00eatre, \u00e9veil de la conscience, puissance de l&rsquo;instant pr\u00e9sent, harmonie int\u00e9rieure, Expansion de conscience, connexion spirituelle, \u00e9veil int\u00e9rieur, union cosmique, \u00e9nergie universelle, vibration \u00e9lev\u00e9e, contemplation, rayonnement personnel, lumi\u00e8re divine, pr\u00e9sence \u00e0 soi, \u00e9lan vital, intuition profonde, souffle de vie, gu\u00e9rison spirituelle, chemin vers soi, qu\u00eate d&rsquo;absolu, ma\u00eetrise int\u00e9rieure, spiritualit\u00e9 int\u00e9grale, sagesse int\u00e9rieure, lib\u00e9ration de l&rsquo;ego, alignement spirituel, transcendance de l&rsquo;ego, flamme int\u00e9rieure, reconnexion \u00e0 l&rsquo;essentiel, fusion avec le tout, r\u00e9alisation ultime.<\/p>\n\n\n\n<p><\/p>\n\n\n\n<p><strong>Sans \u00eatre un \u00e9rudit, Philippe se propose de discuter de ces sujets, selon vos questionnements \u00e0 propos de  :<\/strong><\/p>\n\n\n\n<p>Yoga, dhyana (m\u00e9ditation), moksha (lib\u00e9ration), atman (soi sup\u00e9rieur), brahman (absolu), karma, dharma, samadhi, bhakti (d\u00e9votion), jnana (connaissance), mantra, pranayama (respiration contr\u00f4l\u00e9e), chakras, kundalini, shanti (paix), ahimsa (non-violence), maya (illusion), lila (jeu divin), tapas (discipline spirituelle), Advaita (non-dualit\u00e9), Ishvara (le Seigneur personnel), Upanishads, Shakti (\u00e9nergie divine), Purusha (conscience cosmique), Prakriti (nature mat\u00e9rielle), Vedanta, Artha (prosp\u00e9rit\u00e9), Kama (d\u00e9sirs), Sadhana (pratique spirituelle), Bhakti Yoga, Karma Yoga, Raja Yoga, Japa (r\u00e9p\u00e9tition de mantras), Darshan (vision divine), Rishi (sage), Samsara (cycle des renaissances), Moksha (lib\u00e9ration spirituelle), Bhagavad Gita, Upanishad, Veda, Ishvara Pranidhana (abandon au divin), Svadhyaya (\u00e9tude de soi), Tattva (v\u00e9rit\u00e9 ou principe), Samkhya (philosophie dualiste), Tantra, Agni (feu sacr\u00e9), Pujari (pr\u00eatre), Mahabharata, Ramayana, Hridaya (c\u0153ur spirituel), Sadhu (sage ou asc\u00e8te), Asana (posture de yoga).<\/p>\n\n\n\n<p><\/p>\n","protected":false},"featured_media":71,"template":"","meta":[],"event_listing_category":[],"event_listing_type":[],"class_list":["post-70","event_listing","type-event_listing","status-publish","has-post-thumbnail","hentry"],"_links":{"self":[{"href":"https:\/\/association-eveil-conscience.org\/EC\/wp-json\/wp\/v2\/event_listing\/70","targetHints":{"allow":["GET"]}}],"collection":[{"href":"https:\/\/association-eveil-conscience.org\/EC\/wp-json\/wp\/v2\/event_listing"}],"about":[{"href":"https:\/\/association-eveil-conscience.org\/EC\/wp-json\/wp\/v2\/types\/event_listing"}],"wp:featuredmedia":[{"embeddable":true,"href":"https:\/\/association-eveil-conscience.org\/EC\/wp-json\/wp\/v2\/media\/71"}],"wp:attachment":[{"href":"https:\/\/association-eveil-conscience.org\/EC\/wp-json\/wp\/v2\/media?parent=70"}],"wp:term":[{"taxonomy":"event_listing_category","embeddable":true,"href":"https:\/\/association-eveil-conscience.org\/EC\/wp-json\/wp\/v2\/event_listing_category?post=70"},{"taxonomy":"event_listing_type","embeddable":true,"href":"https:\/\/association-eveil-conscience.org\/EC\/wp-json\/wp\/v2\/event_listing_type?post=70"}],"curies":[{"name":"wp","href":"https:\/\/api.w.org\/{rel}","templated":true}]}}